{"id":487,"date":"2021-06-23T09:36:32","date_gmt":"2021-06-23T07:36:32","guid":{"rendered":"https:\/\/www.arsmeccanica.com\/privacy-policy\/"},"modified":"2022-12-19T12:43:34","modified_gmt":"2022-12-19T11:43:34","slug":"privacy-policy","status":"publish","type":"page","link":"https:\/\/www.arsmeccanica.com\/en\/privacy-policy\/","title":{"rendered":"Privacy policy"},"content":{"rendered":"\n<h2 class=\"wp-block-heading\">Informativa in materia di trattamento dei dati personali e Cookies policy ai sensi dell&#8217;art. 13 del Regolamento dell&#8217;Unione Europea n. 679\/2016.<\/h2>\n\n<p class=\"wp-block-paragraph\">Con il presente documento il Titolare del trattamento, come di seguito definito, desidera informarti sulle finalit\u00e0 e le modalit\u00e0 del trattamento dei dati personali raccolti per tramite del dominio www.arsmeccanica.com e sui diritti che ti sono riconosciuti dalla normativa dettata in materia di protezione delle persone fisiche con riguardo al trattamento dei dati personali nonch\u00e9 alla loro libera circolazione. La presente informativa potr\u00e0 essere oggetto di modifiche ed aggiornamenti, nonch\u00e9 integrata da specifiche informative per eventuali servizi aggiuntivi richiesti dall&#8217;utente che dovessero comportare ulteriori trattamenti.<\/p>\n\n<h2 class=\"wp-block-heading\">1)- Definizioni<\/h2>\n\n<p class=\"wp-block-paragraph\">Ai fini della presente informativa, ferme le definizioni di cui all&#8217;art. 4 del Reg. UE 679\/2016, si intende per:<br\/><strong>a) dominio<\/strong>: il dominio raggiungibile all&#8217;indirizzo <a href=\"https:\/\/www.arsmeccanica.com\/en\/\">https:\/\/www.arsmeccanica.com<\/a><br\/><strong>b) punti di raccolta<\/strong>: aree situate all&#8217;interno del dominio www.arsmeccanica.com dirette alla raccolta di dati personali (es: form contatti, casella di iscrizione alla newsletter).<\/p>\n\n<h2 class=\"wp-block-heading\">2)- Titolare del Trattamento<\/h2>\n\n<p class=\"wp-block-paragraph\"><strong>2.a <\/strong>&#8211; Titolare del Trattamento \u00e8 Ars Meccanica Sas di Bitianu Gina Daniela (P.I. e C.F.: 03596730543) con sede in Citt\u00e0 di Castello (PG), Voc. Brozzo Garavelle (email: <a href=\"mailto:info@arsmeccanica.com\">info@arsmeccanica.com<\/a> \u2013 pec: <a href=\"mailto:arsmeccanicasas@pec.it\">arsmeccanicasas@pec.it<\/a>).<\/p>\n\n<h2 class=\"wp-block-heading\">3)- Tipologia di dati raccolti<\/h2>\n\n<p class=\"wp-block-paragraph\"><strong>3.a<\/strong> &#8211; Con riguardo ai dati raccolti ti informo che la raccolta e il trattamento, preceduti dal rilascio del consenso ove prescritto, riguardano le seguenti tipologie di dati:<br\/><strong>I- <\/strong>Dati personali comuni e identificativi: Al fine di poter dar corso al rapporto e\/o ai servizi ad esso connessi vengono raccolti dati personali come ad esempio: dati identificativi dell&#8217;utente quali nome, cognome, sede, indirizzo email e comunque tutti quei dati indispensabili per procedere ad evadere in modo corretto le richieste ricevute.<br\/><strong>II<\/strong>&#8211; Categorie particolari di dati: Attualmente il sito non raccoglie e tratta dati particolari. Nei casi in cui attraverso il dominio sia effettuata la raccolta di categorie particolari di dati personali ai sensi dell&#8217;art. 9 del Reg. EU 679\/2016, sarai preventivamente informato ed eventualmente messo in condizione di rilasciare idoneo consenso.<br\/><strong>III<\/strong>&#8211; Dati relativi a minori d&#8217;et\u00e0: il conferimento di dati personali attraverso i punti di raccolta presenti sul sito www.arsmeccanica.com \u00e8 riservato a soggetti maggiorenni, salvo specifica indicazione.<br\/><strong>IV<\/strong>&#8211; Dati di navigazione: I sistemi informatici e le procedure software preposte al funzionamento di questo sito web acquisiscono, nel corso del loro normale esercizio alcuni dati personali la cui trasmissione \u00e8 implicita nell&#8217;uso dei protocolli di comunicazione di internet. Si tratta di informazioni che non sono raccolte per essere associate a interessati identificati, ma che per loro stessa natura potrebbero, attraverso elaborazioni ed associazioni con dati detenuti da terzi, permettere di identificare gli utenti. In questa categoria di dati rientrano gli indirizzi IP o i nomi a dominio dei computer utilizzati dagli utenti che si connettono al sito, gli indirizzi in notazione URI (Uniform Resource Identifier) delle risorse richieste, l&#8217;orario della richiesta, il metodo utilizzato nel sottoporre la richiesta al server, la dimensione del file ottenuto in risposta, il codice numerico indicante lo stato della risposta data dal server (buon fine, errore ..) ed altri parametri relativi al sistema operativo e all&#8217;ambiente informatico dell&#8217;utente. Questi dati vengono utilizzati al solo fine di ricavare informazioni statistiche anonime sull&#8217;uso del sito e per controllarne il corretto funzionamento. I dati potrebbero essere utilizzati per l&#8217;accertamento di responsabilit\u00e0 in caso di ipotetici reati.<br\/><strong>V<\/strong>&#8211; Cookies: I cookies sono piccoli file di testo che vengono memorizzati nel tuo dispositivo (PC, tablet, telefono) quando entri in un sito web. Vengono utilizzati principalmente per migliorare la tua esperienza di navigazione, annotando alcune informazioni utilizzabili in un momento successivo, ad esempio per evitare di procedere nuovamente al login su di un&#8217;area riservata.<br\/>Questo sito utilizza sia cookies di sessione sia cookies persistenti. I cookies di sessione, una volta terminata la connessione a questo sito web non vengono conservati. Quelli persistenti sono utilizzati per personalizzare la navigazione, per statistiche di accesso e per finalit\u00e0 di condivisione in alcuni social network. Utilizzando il sito acconsenti all&#8217;uso dei cookies. Non sono utilizzate in alcun modo tecniche informatiche per l&#8217;acquisizione diretta di dati personali identificativi dell&#8217;utente.<\/p>\n\n<p class=\"wp-block-paragraph\">Questo sito pu\u00f2 incorporare al suo interno script sotto forma di bottoni o plugin per facilitare la condivisione sui Social Network.<br\/>Questo sito \u00e8 intermediario per i cookies di terze parti dei quali non pu\u00f2 avere controllo, \u00e8 quindi necessario per l&#8217;utente prendere visione delle informative sulla privacy direttamente nei siti di riferimento delle societ\u00e0 che erogano questi servizi.<\/p>\n\n<ul class=\"wp-block-list\"><li>Google Fonts: <a href=\"https:\/\/policies.google.com\/privacy?hl=it\" target=\"_blank\" rel=\"noreferrer noopener\">https:\/\/policies.google.com\/privacy<\/a><\/li><li>Google Maps (API): <a href=\"https:\/\/policies.google.com\/privacy?hl=it\" target=\"_blank\" rel=\"noreferrer noopener\">https:\/\/policies.google.com\/privacy<\/a><\/li><li>Google+: <a href=\"https:\/\/policies.google.com\/technologies\/cookies?hl=it\" target=\"_blank\" rel=\"noreferrer noopener\">https:\/\/policies.google.com\/technologies\/cookies<\/a><\/li><li>YouTube: <a href=\"https:\/\/policies.google.com\/privacy?hl=it\" target=\"_blank\" rel=\"noreferrer noopener\">https:\/\/policies.google.com\/privacy<\/a><\/li><li>Facebook: <a href=\"https:\/\/www.facebook.com\/about\/privacy\" target=\"_blank\" rel=\"noreferrer noopener\">https:\/\/www.facebook.com\/about\/privacy<\/a><\/li><li>Twitter: <a href=\"https:\/\/twitter.com\/privacy?lang=it\" target=\"_blank\" rel=\"noreferrer noopener\">https:\/\/twitter.com\/privacy<\/a><\/li><li>Linkedin: <a href=\"https:\/\/www.linkedin.com\/legal\/privacy-policy\" target=\"_blank\" rel=\"noreferrer noopener\">https:\/\/www.linkedin.com\/legal\/privacy-policy<\/a><\/li><\/ul>\n<p class=\"wp-block-paragraph\">Se non si desidera ricevere cookies, rifiutarne alcuni o cancellarli, \u00e8 possibile farlo modificando le impostazioni del browser utilizzato. Per fare ci\u00f2 \u00e8 possibile consultare il relativo men\u00f9 &#8220;Aiuto&#8221; ed acquisire le informazioni su come modificare le preferenze relative ai cookies anche seguendo le indicazioni fornite dai principali browser, ai seguenti link:<\/p>\n\n<ul class=\"wp-block-list\"><li>Chrome: <a href=\"https:\/\/support.google.com\/chrome\/answer\/95647?hl=it\" target=\"_blank\" rel=\"noreferrer noopener\">https:\/\/support.google.com\/chrome\/answer\/<\/a><\/li><li>Firefox: <a href=\"https:\/\/support.mozilla.org\/it\/kb\/Eliminare%20i%20cookie\" target=\"_blank\" rel=\"noreferrer noopener\">https:\/\/support.mozilla.org\/it\/kb\/Eliminare i cookie<\/a><\/li><li>Internet Explorer: <a href=\"https:\/\/support.microsoft.com\/it-it\/help\/17442\/windows-internet-explorer-delete-manage-cookies\" target=\"_blank\" rel=\"noreferrer noopener\">https:\/\/support.microsoft.com\/it-it\/help\/17442\/windows-internet-explorer-delete-manage-cookies<\/a><\/li><li>Opera: <a href=\"http:\/\/help.opera.com\/Windows\/10.00\/it\/cookies.html\" target=\"_blank\" rel=\"noreferrer noopener\">http:\/\/help.opera.com\/Windows\/10.00\/it\/cookies.html<\/a><\/li><li>Safari: <a href=\"https:\/\/support.apple.com\/kb\/ph21411?locale=it_IT\" target=\"_blank\" rel=\"noreferrer noopener\">https:\/\/support.apple.com\/kb\/ph21411?locale=it_IT<\/a><\/li><\/ul>\n<p class=\"wp-block-paragraph\">Il mancato utilizzo dei cookies, tuttavia, potrebbe comportare difficolt\u00e0 nell&#8217;interazione con i siti visitati.<br\/><br\/><strong>3.b<\/strong> &#8211; L&#8217;invio facoltativo, esplicito e volontario di posta elettronica agli indirizzi indicati sul sito del dominio in questione comporta la successiva acquisizione del tuo indirizzo, necessario per rispondere alle tue richieste, nonch\u00e9 gli altri tuoi dati personali inseriti nella missiva. Specifiche informative di sintesi verranno progressivamente riportate o visualizzate nelle pagine del sito predisposte per particolari servizi a richiesta. In ogni caso, ove previsto dalla legge, ti sar\u00e0 richiesto di volta in volta il consenso al trattamento dei tuoi dati personali.<\/p>\n\n<script id=\"CookieDeclaration\" src=\"https:\/\/consent.cookiebot.com\/3e996772-e979-4c30-9b22-49e53a9ca461\/cd.js\" type=\"text\/javascript\" async=\"\"><\/script>\n<h2 class=\"wp-block-heading\">4)- Finalit\u00e0 del Trattamento<\/h2>\n\n<p class=\"wp-block-paragraph\"><strong>4.a<\/strong> \u2013 I dati personali da te forniti sono trattati per le seguenti finalit\u00e0:<br\/><strong>i<\/strong>) adempiere ad obblighi precontrattuali, contrattuali e fiscali derivanti da rapporti con l&#8217;utente;<br\/><strong>ii)<\/strong> adempiere a richieste dell&#8217;interessato;<br\/><strong>iii)<\/strong> adempiere agli obblighi previsti dalla legge, da un regolamento, dalla normativa comunitaria o da un ordine dell&#8217;Autorit\u00e0;<br\/><strong>iv)<\/strong> esercitare i diritti del Titolare, ad esempio il diritto di difesa in giudizio.<br\/><br\/><strong>4.b <\/strong>\u2013 Previo specifico e distinto consenso, i dati personali forniti sono trattati per le seguenti finalit\u00e0:<br\/><strong>v)<\/strong> inviare via e-mail, posta e\/o sms e\/o contatti telefonici, newsletter, comunicazioni commerciali e\/o materiale pubblicitario su prodotti o servizi offerti dal Titolare e rilevazione del grado di soddisfazione sulla qualit\u00e0 dei medesimi;<br\/><strong>vi)<\/strong> valutare determinati tuoi aspetti personali per analizzare o prevedere aspetti riguardanti le tue preferenze, i tuoi interessi ed il tuo comportamento, nonch\u00e9 migliorare la fruibilit\u00e0 e la consultazione del sito.<\/p>\n\n<h2 class=\"wp-block-heading\">5)- Modalit\u00e0 del Trattamento<\/h2>\n\n<p class=\"wp-block-paragraph\"><strong>5.a<\/strong> &#8211; Il trattamento dei dati personali \u00e8 realizzato per mezzo delle operazioni indicate all&#8217;art. 4 del D. Lgs 196\/2003 e all&#8217;art. 4 n. 2) del Reg. UE 679\/2016 e precisamente: raccolta, registrazione, organizzazione, conservazione, consultazione, elaborazione, modificazione, selezione, estrazione, raffronto, utilizzo, interconnessione, blocco, comunicazione, cancellazione e distruzione dei dati.<br\/><br\/><strong>5.b<\/strong> &#8211; I tuoi dati personali sono sottoposti a trattamento sia cartaceo che elettronico e\/o automatizzato.<br\/><br\/><strong>5.c<\/strong> &#8211; Il titolare tratter\u00e0 i tuoi dati personali per il tempo strettamente necessario per adempiere alle finalit\u00e0 di cui sopra e comunque per non oltre 10 anni dalla cessazione del rapporto per le finalit\u00e0 sub punto 4.a, fatti salvi termini diversi previsti per l&#8217;adempimento ad obblighi di legge o fiscali; per non oltre 24 mesi dalla raccolta dei dati per le finalit\u00e0 di cui al punto 4.b lett. v) e per non oltre 12 mesi dalla raccolta dei dati per le finalit\u00e0 di cui al punto 4.b lett. vi).<br\/><br\/><strong>5.d<\/strong> \u2013 I tuoi dati personali saranno conservati all&#8217;interno dell&#8217;Unione Europea e le relative politiche di sicurezza sono revisionate in conformit\u00e0 con le Best Practice in materia.<br\/><br\/><strong>5.e<\/strong> \u2013 Salvo quanto specificato al punto 3.4 num. V della presente informativa, sul sito non vengono effettuate operazioni di profilazione o altri diversi processi decisionali automatizzati.<\/p>\n\n<h2 class=\"wp-block-heading\">6)- Natura del conferimento dei dati<\/h2>\n\n<p class=\"wp-block-paragraph\"><strong>6.a<\/strong> \u2013 Il conferimento dei dati personali in via generale non \u00e8 obbligatorio ma, in alcuni casi, pu\u00f2 risultare necessario per consentirti di beneficiare dei servizi e delle funzionalit\u00e0 proprie del sito.<br\/><br\/><strong>6.b<\/strong> \u2013 Il conferimento di determinati dati personali \u00e8 invece necessario per dare esecuzione a specifiche tue richieste. Pertanto se non fornisci tali dati, il Titolare non potr\u00e0 soddisfare le tue richieste.<\/p>\n\n<h2 class=\"wp-block-heading\">7)- Base giuridica del Trattamento<\/h2>\n\n<p class=\"wp-block-paragraph\"><strong>7.a<\/strong> \u2013 In base alla vigente normativa dettata in materia di protezione dei dati personali, quest&#8217;ultimi sono trattati in virt\u00f9 delle seguenti basi giuridiche:<br\/><strong>i)<\/strong> il consenso rilasciato in modo specifico, corretto, informato e inequivocabile;<br\/><strong>ii)<\/strong> l&#8217;adempimento di obblighi contrattuali o l&#8217;esecuzione di misure precontrattuali adottate su richiesta dell&#8217;interessato;<br\/><strong>iii)<\/strong> l&#8217;adempimento di obblighi od ordini a cui il titolare \u00e8 tenuto in forza di legge o d&#8217;ordine dell&#8217;autorit\u00e0.<\/p>\n\n<h2 class=\"wp-block-heading\">8)- Destinatari o categorie di destinatari dei dati personali<\/h2>\n\n<p class=\"wp-block-paragraph\"><strong>8.a<\/strong> \u2013 I dati personali di cui alla presente informativa potranno essere trattati: i) da dipendenti e collaboratori del Titolare nella loro qualit\u00e0 di incaricati o soggetti autorizzati dal medesimo, limitatamente alle proprie competenze e mansioni e sulla base dei compiti assegnati e delle istruzioni impartite; ii) Responsabili esterni all&#8217;uopo nominati e dai soggetti autorizzati dai medesimi limitatamente alle proprie competenze e mansioni e sulla base dei compiti assegnati e delle istruzioni impartite.<br\/><br\/><strong>8.b<\/strong> \u2013 Il titolare per le ordinarie attivit\u00e0 gestionali, contabili e amministrative, potr\u00e0 comunicare i tuoi dati personali, previa acquisizione del tuo consenso nei casi e nei modi previsti dalla legge, nel rispetto delle misure di sicurezza, a terzi fornitori di servizi al solo fine di eseguire le prestazioni richieste dal medesimo, quali: i) societ\u00e0 di servizi postali; ii) studi legali e notarili; iii) consulenti ed altre societ\u00e0 di servizi; iv) ulteriori soggetti in ottemperanza a eventuali obblighi di legge (es. compagnie di assicurazione, forze di polizia, autorit\u00e0 giudiziaria, ecc\u2026).<br\/><br\/><strong>8.c<\/strong> \u2013 In nessun caso i tuoi dati personali potranno essere diffusi.<\/p>\n\n<h2 class=\"wp-block-heading\">9)- Trasferimenti all&#8217;estero<\/h2>\n\n<p class=\"wp-block-paragraph\"><strong>9.a <\/strong>\u2013 Il titolare non trasferisce di propria iniziativa dati personali all&#8217;estero. Tuttavia alcuni soggetti terzi, fornitori di servizi, potrebbero avere i propri server collocati fisicamente all&#8217;estero. In tale eventualit\u00e0, il trasferimento di dati all&#8217;estero avverr\u00e0 esclusivamente nell&#8217;ambito e nel rispetto degli artt. 44 e ss del Reg. UE 679\/2016.<\/p>\n\n<h2 class=\"wp-block-heading\">10)- Diritti degli interessati<\/h2>\n\n<p class=\"wp-block-paragraph\"><strong>10.a<\/strong> \u2013 Ai sensi degli artt. 15 e ss del Reg. UE 679\/2016 hai diritto di ottenere dal Titolare del trattamento la conferma che sia o meno in corso un trattamento dei tuoi dati personali ed eventualmente l&#8217;accesso a tali dati, oltre a ricevere una copia dei dati personali oggetto di trattamento. Puoi altres\u00ec ottenere le seguenti informazioni: le finalit\u00e0 del trattamento; le categorie di dati trattati; i destinatari o le categorie di destinatari a cui i dati personali sono stati o saranno comunicati; il periodo di conservazione di tali dati o i criteri per determinarlo; l&#8217;esistenza del diritto di chiedere la rettifica o la cancellazione di tali dati; la limitazione o l&#8217;opposizione a tale trattamento; il diritto di proporre reclamo all&#8217;Autorit\u00e0 di Controllo; l&#8217;esistenza di un processo decisionale automatizzato, compresa la profilazione, e, se i dati sono trasferiti a un paese terzo o a un&#8217;organizzazione internazionale, l&#8217;esistenza di garanzie adeguate al trasferimento.<br\/><br\/><strong>10.b<\/strong> \u2013 Hai, inoltre, il diritto di chiedere al Titolare la rettifica dei dati personali inesatti, l&#8217;integrazione di quelli incompleti, la cancellazione dei tuoi dati personali (ove sussistano le condizioni di cui all&#8217;art. 17 del Reg. UE 679\/2016), la limitazione del trattamento, la revoca del consenso e la portabilit\u00e0 dei dati, nonch\u00e9 di esercitare, in qualsiasi momento e senza giustificazioni, il diritto di opposizione al trattamento per finalit\u00e0 di marketing diretto.<br\/><br\/><strong>10.c<\/strong> &#8211; Le tue eventuali richieste, sia quelle attinenti all&#8217;esercizio dei menzionati diritti che qualsivoglia altra domanda relativa al trattamento dei propri dati personali, potranno essere inviate via e-mail all&#8217;indirizzo <a href=\"mailto:info@arsmeccanica.com\">info@arsmeccanica.com<\/a> oppure via posta ordinaria all&#8217;indirizzo del Titolare (v. art. 2). Per l&#8217;espletamento di tali richieste il Titolare si riserva di chiedere l&#8217;esibizione del documento di riconoscimento in corso di validit\u00e0.<\/p>\n\n<h2 class=\"wp-block-heading\">11)- Responsabili del Trattamento<\/h2>\n\n<p class=\"wp-block-paragraph\"><strong>11.a <\/strong>&#8211; L&#8217;elenco completo dei Responsabili del trattamento \u00e8 disponibile presso la Sede, previa richiesta.<\/p>\n\n<p class=\"wp-block-paragraph\">Le presenti informazioni obbligatorie sono soggette ad aggiornamento, in dipendenza di eventuali mutamenti delle disposizioni di legge applicabili.<\/p>\n","protected":false},"excerpt":{"rendered":"<p>Informativa in materia di trattamento dei dati personali e Cookies policy ai sensi dell&#8217;art. 13 del Regolamento dell&#8217;Unione Europea n. 679\/2016. Con il presente documento il Titolare del trattamento, come di seguito definito, desidera informarti sulle finalit\u00e0 e le modalit\u00e0 del trattamento dei dati personali raccolti per tramite del dominio www.arsmeccanica.com e sui diritti che [&hellip;]<\/p>\n","protected":false},"author":1,"featured_media":0,"parent":0,"menu_order":0,"comment_status":"closed","ping_status":"open","template":"","meta":{"_acf_changed":false,"footnotes":""},"class_list":["post-487","page","type-page","status-publish","hentry"],"acf":[],"yoast_head":"<!-- This site is optimized with the Yoast SEO plugin v28.4 - https:\/\/yoast.com\/product\/yoast-seo-wordpress\/ -->\n<title>Privacy policy - Ars Meccanica<\/title>\n<meta name=\"robots\" content=\"index, follow, max-snippet:-1, max-image-preview:large, max-video-preview:-1\" \/>\n<link rel=\"canonical\" href=\"https:\/\/www.arsmeccanica.com\/en\/privacy-policy\/\" \/>\n<meta property=\"og:locale\" content=\"en_US\" \/>\n<meta property=\"og:type\" content=\"article\" \/>\n<meta property=\"og:title\" content=\"Privacy policy - Ars Meccanica\" \/>\n<meta property=\"og:description\" content=\"Informativa in materia di trattamento dei dati personali e Cookies policy ai sensi dell&#8217;art. 13 del Regolamento dell&#8217;Unione Europea n. 679\/2016. Con il presente documento il Titolare del trattamento, come di seguito definito, desidera informarti sulle finalit\u00e0 e le modalit\u00e0 del trattamento dei dati personali raccolti per tramite del dominio www.arsmeccanica.com e sui diritti che [&hellip;]\" \/>\n<meta property=\"og:url\" content=\"https:\/\/www.arsmeccanica.com\/en\/privacy-policy\/\" \/>\n<meta property=\"og:site_name\" content=\"Ars Meccanica\" \/>\n<meta property=\"article:modified_time\" content=\"2022-12-19T11:43:34+00:00\" \/>\n<meta name=\"twitter:card\" content=\"summary_large_image\" \/>\n<meta name=\"twitter:label1\" content=\"Est. reading time\" \/>\n\t<meta name=\"twitter:data1\" content=\"10 minutes\" \/>\n<script type=\"application\/ld+json\" class=\"yoast-schema-graph\">{\"@context\":\"https:\\\/\\\/schema.org\",\"@graph\":[{\"@type\":\"WebPage\",\"@id\":\"https:\\\/\\\/www.arsmeccanica.com\\\/en\\\/privacy-policy\\\/\",\"url\":\"https:\\\/\\\/www.arsmeccanica.com\\\/en\\\/privacy-policy\\\/\",\"name\":\"Privacy policy - Ars Meccanica\",\"isPartOf\":{\"@id\":\"https:\\\/\\\/www.arsmeccanica.com\\\/en\\\/#website\"},\"datePublished\":\"2021-06-23T07:36:32+00:00\",\"dateModified\":\"2022-12-19T11:43:34+00:00\",\"breadcrumb\":{\"@id\":\"https:\\\/\\\/www.arsmeccanica.com\\\/en\\\/privacy-policy\\\/#breadcrumb\"},\"inLanguage\":\"en-US\",\"potentialAction\":[{\"@type\":\"ReadAction\",\"target\":[\"https:\\\/\\\/www.arsmeccanica.com\\\/en\\\/privacy-policy\\\/\"]}]},{\"@type\":\"BreadcrumbList\",\"@id\":\"https:\\\/\\\/www.arsmeccanica.com\\\/en\\\/privacy-policy\\\/#breadcrumb\",\"itemListElement\":[{\"@type\":\"ListItem\",\"position\":1,\"name\":\"Home\",\"item\":\"https:\\\/\\\/www.arsmeccanica.com\\\/en\\\/\"},{\"@type\":\"ListItem\",\"position\":2,\"name\":\"Privacy policy\"}]},{\"@type\":\"WebSite\",\"@id\":\"https:\\\/\\\/www.arsmeccanica.com\\\/en\\\/#website\",\"url\":\"https:\\\/\\\/www.arsmeccanica.com\\\/en\\\/\",\"name\":\"Ars Meccanica\",\"description\":\"Il partner ideale per i tuoi progetti\",\"publisher\":{\"@id\":\"https:\\\/\\\/www.arsmeccanica.com\\\/en\\\/#organization\"},\"potentialAction\":[{\"@type\":\"SearchAction\",\"target\":{\"@type\":\"EntryPoint\",\"urlTemplate\":\"https:\\\/\\\/www.arsmeccanica.com\\\/en\\\/?s={search_term_string}\"},\"query-input\":{\"@type\":\"PropertyValueSpecification\",\"valueRequired\":true,\"valueName\":\"search_term_string\"}}],\"inLanguage\":\"en-US\"},{\"@type\":\"Organization\",\"@id\":\"https:\\\/\\\/www.arsmeccanica.com\\\/en\\\/#organization\",\"name\":\"Ars Meccanica\",\"url\":\"https:\\\/\\\/www.arsmeccanica.com\\\/en\\\/\",\"logo\":{\"@type\":\"ImageObject\",\"inLanguage\":\"en-US\",\"@id\":\"https:\\\/\\\/www.arsmeccanica.com\\\/en\\\/#\\\/schema\\\/logo\\\/image\\\/\",\"url\":\"https:\\\/\\\/www.arsmeccanica.com\\\/wp-content\\\/uploads\\\/2022\\\/10\\\/ARS-BRAND-DEF-white_res.png\",\"contentUrl\":\"https:\\\/\\\/www.arsmeccanica.com\\\/wp-content\\\/uploads\\\/2022\\\/10\\\/ARS-BRAND-DEF-white_res.png\",\"width\":171,\"height\":68,\"caption\":\"Ars Meccanica\"},\"image\":{\"@id\":\"https:\\\/\\\/www.arsmeccanica.com\\\/en\\\/#\\\/schema\\\/logo\\\/image\\\/\"}}]}<\/script>\n<!-- \/ Yoast SEO plugin. -->","yoast_head_json":{"title":"Privacy policy - Ars Meccanica","robots":{"index":"index","follow":"follow","max-snippet":"max-snippet:-1","max-image-preview":"max-image-preview:large","max-video-preview":"max-video-preview:-1"},"canonical":"https:\/\/www.arsmeccanica.com\/en\/privacy-policy\/","og_locale":"en_US","og_type":"article","og_title":"Privacy policy - Ars Meccanica","og_description":"Informativa in materia di trattamento dei dati personali e Cookies policy ai sensi dell&#8217;art. 13 del Regolamento dell&#8217;Unione Europea n. 679\/2016. Con il presente documento il Titolare del trattamento, come di seguito definito, desidera informarti sulle finalit\u00e0 e le modalit\u00e0 del trattamento dei dati personali raccolti per tramite del dominio www.arsmeccanica.com e sui diritti che [&hellip;]","og_url":"https:\/\/www.arsmeccanica.com\/en\/privacy-policy\/","og_site_name":"Ars Meccanica","article_modified_time":"2022-12-19T11:43:34+00:00","twitter_card":"summary_large_image","twitter_misc":{"Est. reading time":"10 minutes"},"schema":{"@context":"https:\/\/schema.org","@graph":[{"@type":"WebPage","@id":"https:\/\/www.arsmeccanica.com\/en\/privacy-policy\/","url":"https:\/\/www.arsmeccanica.com\/en\/privacy-policy\/","name":"Privacy policy - Ars Meccanica","isPartOf":{"@id":"https:\/\/www.arsmeccanica.com\/en\/#website"},"datePublished":"2021-06-23T07:36:32+00:00","dateModified":"2022-12-19T11:43:34+00:00","breadcrumb":{"@id":"https:\/\/www.arsmeccanica.com\/en\/privacy-policy\/#breadcrumb"},"inLanguage":"en-US","potentialAction":[{"@type":"ReadAction","target":["https:\/\/www.arsmeccanica.com\/en\/privacy-policy\/"]}]},{"@type":"BreadcrumbList","@id":"https:\/\/www.arsmeccanica.com\/en\/privacy-policy\/#breadcrumb","itemListElement":[{"@type":"ListItem","position":1,"name":"Home","item":"https:\/\/www.arsmeccanica.com\/en\/"},{"@type":"ListItem","position":2,"name":"Privacy policy"}]},{"@type":"WebSite","@id":"https:\/\/www.arsmeccanica.com\/en\/#website","url":"https:\/\/www.arsmeccanica.com\/en\/","name":"Ars Meccanica","description":"Il partner ideale per i tuoi progetti","publisher":{"@id":"https:\/\/www.arsmeccanica.com\/en\/#organization"},"potentialAction":[{"@type":"SearchAction","target":{"@type":"EntryPoint","urlTemplate":"https:\/\/www.arsmeccanica.com\/en\/?s={search_term_string}"},"query-input":{"@type":"PropertyValueSpecification","valueRequired":true,"valueName":"search_term_string"}}],"inLanguage":"en-US"},{"@type":"Organization","@id":"https:\/\/www.arsmeccanica.com\/en\/#organization","name":"Ars Meccanica","url":"https:\/\/www.arsmeccanica.com\/en\/","logo":{"@type":"ImageObject","inLanguage":"en-US","@id":"https:\/\/www.arsmeccanica.com\/en\/#\/schema\/logo\/image\/","url":"https:\/\/www.arsmeccanica.com\/wp-content\/uploads\/2022\/10\/ARS-BRAND-DEF-white_res.png","contentUrl":"https:\/\/www.arsmeccanica.com\/wp-content\/uploads\/2022\/10\/ARS-BRAND-DEF-white_res.png","width":171,"height":68,"caption":"Ars Meccanica"},"image":{"@id":"https:\/\/www.arsmeccanica.com\/en\/#\/schema\/logo\/image\/"}}]}},"_links":{"self":[{"href":"https:\/\/www.arsmeccanica.com\/en\/wp-json\/wp\/v2\/pages\/487","targetHints":{"allow":["GET"]}}],"collection":[{"href":"https:\/\/www.arsmeccanica.com\/en\/wp-json\/wp\/v2\/pages"}],"about":[{"href":"https:\/\/www.arsmeccanica.com\/en\/wp-json\/wp\/v2\/types\/page"}],"author":[{"embeddable":true,"href":"https:\/\/www.arsmeccanica.com\/en\/wp-json\/wp\/v2\/users\/1"}],"replies":[{"embeddable":true,"href":"https:\/\/www.arsmeccanica.com\/en\/wp-json\/wp\/v2\/comments?post=487"}],"version-history":[{"count":1,"href":"https:\/\/www.arsmeccanica.com\/en\/wp-json\/wp\/v2\/pages\/487\/revisions"}],"predecessor-version":[{"id":488,"href":"https:\/\/www.arsmeccanica.com\/en\/wp-json\/wp\/v2\/pages\/487\/revisions\/488"}],"wp:attachment":[{"href":"https:\/\/www.arsmeccanica.com\/en\/wp-json\/wp\/v2\/media?parent=487"}],"curies":[{"name":"wp","href":"https:\/\/api.w.org\/{rel}","templated":true}]}}